{"id":312,"date":"2020-11-16T14:00:21","date_gmt":"2020-11-16T13:00:21","guid":{"rendered":"https:\/\/congresoestudiantesdoctorado.umh.es\/?page_id=312"},"modified":"2025-11-10T19:43:31","modified_gmt":"2025-11-10T18:43:31","slug":"preguntas-frecuentes","status":"publish","type":"page","link":"https:\/\/congresoestudiantesdoctorado.umh.es\/ca\/preguntas-frecuentes\/","title":{"rendered":"Preguntes freq\u00fcents"},"content":{"rendered":"<p><\/p>\n<p style=\"text-align: justify\"><strong>Quines disciplines estan incloses?<\/strong><\/p>\n<p style=\"text-align: justify\"><strong>Totes les disciplines<\/strong> s\u00f3n benvingudes en aquest Congr\u00e9s. La finalitat del mateix \u00e9s fomentar l&#8217;intercanvi de coneixement entre diferents \u00e0rees tem\u00e0tiques, per la qual cosa l&#8217;\u00fanic requisit que has de complir per a participar al VI Congr\u00e9s Anual Internacional d&#8217;Estudiants de Doctorat \u00e9s ser <strong>estudiant de doctorat<\/strong>.<\/p>\n<p style=\"text-align: justify\"><strong>Quin \u00e9s el nombre de contribucions que puc realitzar de primera autoria?<\/strong><\/p>\n<p style=\"text-align: justify\">El m\u00e0xim nombre de contribucions que es poden realitzar per inscrit en qualitat de primera autoria \u00e9s <strong>una<\/strong>. No obstant aix\u00f2, no existeix l\u00edmit d&#8217;autors per contribuci\u00f3, per la qual cosa es pot tindre una comunicaci\u00f3 en primera autoria i altres en co-autoria sempre que haja sigut presentada per un estudiant inscrit diferent.<\/p>\n<p style=\"text-align: justify\"><strong>Existeix l\u00edmit d&#8217;autors per contribuci\u00f3?<\/strong><\/p>\n<p style=\"text-align: justify\"><strong>S\u00ed<\/strong>, no poden ser m\u00e9s de 10 autors per contribuci\u00f3.<\/p>\n<p style=\"text-align: justify\"><strong>Com realitze la meua contribuci\u00f3?<\/strong><\/p>\n<p style=\"text-align: justify\">Les contribucions poden ser realitzades en dues modalitats.<\/p>\n<p style=\"text-align: justify\">La primera \u00e9s comunicaci\u00f3 oral. Aquesta ha d&#8217;ajustar-se a les especificacions descrites en el subapartat de Comunicaci\u00f3 oral, dins de contribucions.<\/p>\n<p style=\"text-align: justify\">La segona \u00e9s p\u00f2ster. Aquesta modalitat \u00e9s obligat\u00f2ria per a la contribuci\u00f3 del pla d&#8217;investigaci\u00f3. A m\u00e9s, pots trobar les caracter\u00edstiques que han de tindre en el subapartat de P\u00f2sters, dins de contribucions.<\/p>\n<p style=\"text-align: justify\">En ambd\u00f3s casos, tant per a la comunicaci\u00f3 oral com p\u00f2sters, \u00e9s obligatori emplenar el formulari que es troba dins del subapartat corresponent i que consisteix en l&#8217;enviament del resum\/abstract. La data l\u00edmit per a emplenar el formulari d&#8217;abstracts \u00e9s el <strong>23 de novembre de 2025<\/strong>\u00a0per a l&#8217;enviament de comunicacions orals, i el <strong>07 de desembre de 2025<\/strong> per al de p\u00f2sters. I la data l\u00edmit per a enviar el p\u00f2ster \u00e9s el <strong>31 de gener de 2026<\/strong>, al correu del congr\u00e9s: <a href=\"mailto:caied6@umh.es\">caied6@umh.es<\/a>.<\/p>\n<p style=\"text-align: justify\"><strong>Acabe de comen\u00e7ar els estudis de doctorat, per la qual cosa no tinc molts resultats per a presentar. Puc participar amb una contribuci\u00f3 en el congr\u00e9s?<\/strong><\/p>\n<p style=\"text-align: justify\">S\u00ed, pots contribuir presentant en format p\u00f2ster el pla d&#8217;investigaci\u00f3 proposat per al projecte de tesi. No \u00e9s necessari incloure un apartat de resultats o conclusions.<\/p>\n<p style=\"text-align: justify\"><strong>Haur\u00e0 certificat d&#8217;assist\u00e8ncia\/participaci\u00f3?<\/strong><\/p>\n<p style=\"text-align: justify\">S\u00ed. En finalitzar el Congr\u00e9s, s&#8217;atorgar\u00e0 un certificat d&#8217;assist\u00e8ncia i un altre de participaci\u00f3. El certificat de participaci\u00f3 ser\u00e0 un certificat \u00fanic per contribuci\u00f3 incloent el nom de tots els autors contribuents. Nom\u00e9s remetrem un certificat a aquella persona que consti com a autor\/a principal. La persona receptora del certificat s&#8217;encarregar\u00e0 de remetre aquest certificat a la resta de coautors.<\/p>\n<p><strong>Quina \u00e9s l&#8217;assist\u00e8ncia m\u00ednima exigida per obtenir un certificat?<\/strong><\/p>\n<p>Aix\u00ed mateix, us informem que <strong>NO S&#8217;ENVIARAN CERTIFICACIONS D&#8217;ASSIST\u00c8NCIA A QUI NO ACUDIU<\/strong> (entendrem com a &#8220;assist\u00e8ncia efectiva&#8221; a aquella que arribi al 50% de la durada total del congr\u00e9s).<\/p>\n<p style=\"text-align: justify\"><strong>Puc inscriure&#8217;m i, en cas de voler portar comunicaci\u00f3 (p\u00f2ster o oral), adjuntar el resum m\u00e9s tard?<\/strong><\/p>\n<p style=\"text-align: justify\"><strong>No<\/strong>, la inscripci\u00f3 i la pujada del resum\/abstract es realitza mitjan\u00e7ant <strong>un \u00fanic formulari<\/strong>. Si et vols inscriure, per\u00f2 no vols encara adjuntar el teu abstract per la ra\u00f3 que siga, has d&#8217;esperar a tindre-ho preparat en el termini establit. <strong>En cas d&#8217;inscriure&#8217;t sense adjuntar res, no podr\u00e0s tornar-te a inscriure despr\u00e9s.<\/strong><\/p>\n<p style=\"text-align: justify\"><strong>Puc enviar el p\u00f2ster per correu quan estiga inscrit\/a?<\/strong><\/p>\n<p style=\"text-align: justify\"><strong>Has d&#8217;esperar a rebre not\u00edcies per correu electr\u00f2nic<\/strong> sobre el teu abstract: si est\u00e0 adm\u00e9s, si necessita canvis (per no complir el format \u00f2ptimament) o si est\u00e0 rebutjat (per no complir cap dels requisits sol\u00b7licitats). En cas d&#8217;estar adm\u00e9s, t&#8217;enviarem un formulari amb el qual pots adjuntar el teu p\u00f2ster fins al dia 31 de gener de 2026.<\/p>\n<p><strong>Puc enviar comunicaci\u00f3 oral i p\u00f2ster?<\/strong><br \/>\n<strong>No<\/strong>, has de triar una. De fet, com hi ha un nom\u00e9s formulari a emplenar, nom\u00e9s tens una opci\u00f3.<\/p>\n<p><strong>Contactaran amb mi per informar-me de les novetats relacionades amb el Congr\u00e9s?<\/strong><\/p>\n<p><strong>S\u00ed<\/strong>, ens posarem en contacte a trav\u00e9s del correu electr\u00f2nic facilitat al formulari d&#8217;inscripci\u00f3. Us mantindrem informats de totes les novetats relacionades amb el Congr\u00e9s.<\/p>\n<p><strong>Puc realitzar algun tipus de contribuci\u00f3 si no soc estudiant de doctorat?<\/strong><\/p>\n<p><strong>No<\/strong>, els estudiants de Grau o de M\u00e0ster \u00fanicament poden assistir al congr\u00e9s i no podran realitzar cap mena de contribuci\u00f3. Un dels requisits del congr\u00e9s \u00e9s ser estudiants de doctorat.<\/p>","protected":false},"excerpt":{"rendered":"<p>Quines disciplines estan incloses?<br \/>\nTotes les disciplines s\u00f3n benvingudes en aquest Congr\u00e9s. La finalitat del mateix \u00e9s fomentar l&#8217;intercanvi de coneixement entre diferents \u00e0rees tem\u00e0tiques, per la qual cosa l&#8217;\u00fanic requisit que has de complir per a participar al VI Congr\u00e9s Anual Internacional d&#8217;Estudiants de Doctorat \u00e9s ser estudiant de doctorat.<br \/>\nQuin \u00e9s el nombre de contribucions [&#8230;]<\/p>\n","protected":false},"author":3638,"featured_media":0,"parent":0,"menu_order":10,"comment_status":"closed","ping_status":"closed","template":"","meta":{"_links_to":"","_links_to_target":""},"_links":{"self":[{"href":"https:\/\/congresoestudiantesdoctorado.umh.es\/ca\/wp-json\/wp\/v2\/pages\/312"}],"collection":[{"href":"https:\/\/congresoestudiantesdoctorado.umh.es\/ca\/wp-json\/wp\/v2\/pages"}],"about":[{"href":"https:\/\/congresoestudiantesdoctorado.umh.es\/ca\/wp-json\/wp\/v2\/types\/page"}],"author":[{"embeddable":true,"href":"https:\/\/congresoestudiantesdoctorado.umh.es\/ca\/wp-json\/wp\/v2\/users\/3638"}],"replies":[{"embeddable":true,"href":"https:\/\/congresoestudiantesdoctorado.umh.es\/ca\/wp-json\/wp\/v2\/comments?post=312"}],"version-history":[{"count":0,"href":"https:\/\/congresoestudiantesdoctorado.umh.es\/ca\/wp-json\/wp\/v2\/pages\/312\/revisions"}],"wp:attachment":[{"href":"https:\/\/congresoestudiantesdoctorado.umh.es\/ca\/wp-json\/wp\/v2\/media?parent=312"}],"curies":[{"name":"wp","href":"https:\/\/api.w.org\/{rel}","templated":true}]}}